{"id":4049,"date":"2016-01-15T11:37:49","date_gmt":"2016-01-15T10:37:49","guid":{"rendered":"https:\/\/www.sainte-therese-les-cordeliers.fr\/blog-cdi-college\/?page_id=4049"},"modified":"2017-12-05T12:41:37","modified_gmt":"2017-12-05T11:41:37","slug":"accueil","status":"publish","type":"page","link":"https:\/\/www.sainte-therese-les-cordeliers.fr\/blog-cdi-college\/","title":{"rendered":"ACCUEIL"},"content":{"rendered":"<div class=\"fusion-fullwidth fullwidth-box fusion-builder-row-1 nonhundred-percent-fullwidth non-hundred-percent-height-scrolling\" style=\"--awb-border-radius-top-left:0px;--awb-border-radius-top-right:0px;--awb-border-radius-bottom-right:0px;--awb-border-radius-bottom-left:0px;--awb-flex-wrap:wrap;\" ><div class=\"fusion-builder-row fusion-row\"><div class=\"fusion-layout-column fusion_builder_column fusion-builder-column-0 fusion_builder_column_1_1 1_1 fusion-one-full fusion-column-first fusion-column-last\" style=\"--awb-bg-size:cover;--awb-margin-bottom:0px;\"><div class=\"fusion-column-wrapper fusion-flex-column-wrapper-legacy\"><div class=\"fusion-blog-shortcode fusion-blog-shortcode-1 fusion-blog-archive fusion-blog-layout-large-alternate fusion-blog-pagination\"><div class=\"fusion-posts-container fusion-posts-container-pagination fusion-blog-rollover\" data-pages=\"86\"><article id=\"blog-1-post-5574\" class=\"fusion-post-large-alternate post-5574 post type-post status-publish format-standard hentry category-actualites-du-college\">\n\t<style type=\"text\/css\">\n\t\t\n\t\t\n\t\t\n\t\t\n\t\t\t<\/style>\n\n\n<div class=\"fusion-date-and-formats\"><div class=\"fusion-date-box updated\"><span class=\"fusion-date\">17<\/span><span class=\"fusion-month-year\">10, 2025<\/span><\/div><div class=\"fusion-format-box\"><i class=\"awb-icon-pen\" aria-hidden=\"true\"><\/i><\/div><\/div><div class=\"fusion-post-content post-content\"><h2 class=\"blog-shortcode-post-title entry-title\"><a href=\"https:\/\/www.sainte-therese-les-cordeliers.fr\/blog-cdi-college\/finale-nationale-de-bridge-scolaire-a-nantes\/\">Finale nationale de bridge scolaire \u00e0 Nantes.<\/a><\/h2><p class=\"fusion-single-line-meta\"><span class=\"vcard\" style=\"display: none;\"><span class=\"fn\"><a href=\"https:\/\/www.sainte-therese-les-cordeliers.fr\/blog-cdi-college\/author\/documentaliste\/\" title=\"Articles par documentaliste\" rel=\"author\">documentaliste<\/a><\/span><\/span><span class=\"updated\" style=\"display:none;\">2025-10-17T11:46:13+01:00<\/span><span>vendredi, 17 octobre, 2025<\/span><span class=\"fusion-inline-sep\">|<\/span>Cat\u00e9gories : <a href=\"https:\/\/www.sainte-therese-les-cordeliers.fr\/blog-cdi-college\/category\/actualites-du-college\/\" rel=\"category tag\">Actualit\u00e9s du coll\u00e8ge<\/a><span class=\"fusion-inline-sep\">|<\/span><span class=\"fusion-comments\"><span>Commentaires ferm\u00e9s<span class=\"screen-reader-text\"> sur Finale nationale de bridge scolaire \u00e0 Nantes.<\/span><\/span><\/span><\/p><div class=\"fusion-post-content-container\">\n\t\t<style type=\"text\/css\">\n\t\t\t#gallery-1 {\n\t\t\t\tmargin: auto;\n\t\t\t}\n\t\t\t#gallery-1 .gallery-item {\n\t\t\t\tfloat: left;\n\t\t\t\tmargin-top: 10px;\n\t\t\t\ttext-align: center;\n\t\t\t\twidth: 33%;\n\t\t\t}\n\t\t\t#gallery-1 img {\n\t\t\t\tborder: 2px solid #cfcfcf;\n\t\t\t}\n\t\t\t#gallery-1 .gallery-caption {\n\t\t\t\tmargin-left: 0;\n\t\t\t}\n\t\t\t\/* see gallery_shortcode() in wp-includes\/media.php *\/\n\t\t<\/style>\n\t\t<div id='gallery-1' class='gallery galleryid-5574 gallery-columns-3 gallery-size-thumbnail'><dl class='gallery-item'>\n\t\t\t<dt class='gallery-icon portrait'>\n\t\t\t\t<a data-rel=\"iLightbox[postimages]\" data-title=\"00001\" data-caption=\"Augustin et Julien\" href='https:\/\/www.sainte-therese-les-cordeliers.fr\/blog-cdi-college\/finale-nationale-de-bridge-scolaire-a-nantes\/00001-2\/'><img decoding=\"async\" width=\"150\" height=\"150\" src=\"https:\/\/www.sainte-therese-les-cordeliers.fr\/blog-cdi-college\/wp-content\/uploads\/sites\/2\/2025\/10\/00001-1-150x150.png\" class=\"attachment-thumbnail size-thumbnail\" alt=\"\" aria-describedby=\"gallery-1-5581\" srcset=\"https:\/\/www.sainte-therese-les-cordeliers.fr\/blog-cdi-college\/wp-content\/uploads\/sites\/2\/2025\/10\/00001-1-66x66.png 66w, https:\/\/www.sainte-therese-les-cordeliers.fr\/blog-cdi-college\/wp-content\/uploads\/sites\/2\/2025\/10\/00001-1-150x150.png 150w\" sizes=\"(max-width: 150px) 100vw, 150px\" \/><\/a>\n\t\t\t<\/dt>\n\t\t\t\t<dd class='wp-caption-text gallery-caption' id='gallery-1-5581'>\n\t\t\t\tAugustin et Julien\n\t\t\t\t<\/dd><\/dl><dl class='gallery-item'>\n\t\t\t<dt class='gallery-icon portrait'>\n\t\t\t\t<a data-rel=\"iLightbox[postimages]\" data-title=\"222222\" data-caption=\"Romane et Albane\" href='https:\/\/www.sainte-therese-les-cordeliers.fr\/blog-cdi-college\/finale-nationale-de-bridge-scolaire-a-nantes\/attachment\/222222\/'><img decoding=\"async\" width=\"150\" height=\"150\" src=\"https:\/\/www.sainte-therese-les-cordeliers.fr\/blog-cdi-college\/wp-content\/uploads\/sites\/2\/2025\/10\/222222-150x150.png\" class=\"attachment-thumbnail size-thumbnail\" alt=\"\" aria-describedby=\"gallery-1-5582\" srcset=\"https:\/\/www.sainte-therese-les-cordeliers.fr\/blog-cdi-college\/wp-content\/uploads\/sites\/2\/2025\/10\/222222-66x66.png 66w, https:\/\/www.sainte-therese-les-cordeliers.fr\/blog-cdi-college\/wp-content\/uploads\/sites\/2\/2025\/10\/222222-150x150.png 150w\" sizes=\"(max-width: 150px) 100vw, 150px\" \/><\/a>\n\t\t\t<\/dt>\n\t\t\t\t<dd class='wp-caption-text gallery-caption' id='gallery-1-5582'>\n\t\t\t\tRomane et Albane\n\t\t\t\t<\/dd><\/dl><dl class='gallery-item'>\n\t\t\t<dt class='gallery-icon landscape'>\n\t\t\t\t<a data-rel=\"iLightbox[postimages]\" data-title=\"Capture d\u2019\u00e9cran 2025-10-17 120445\" data-caption=\"Moment de repos et de grignotage\" href='https:\/\/www.sainte-therese-les-cordeliers.fr\/blog-cdi-college\/finale-nationale-de-bridge-scolaire-a-nantes\/capture-decran-2025-10-17-120445\/'><img decoding=\"async\" width=\"150\" height=\"150\" src=\"https:\/\/www.sainte-therese-les-cordeliers.fr\/blog-cdi-college\/wp-content\/uploads\/sites\/2\/2025\/10\/Capture-decran-2025-10-17-120445-150x150.jpg\" class=\"attachment-thumbnail size-thumbnail\" alt=\"\" aria-describedby=\"gallery-1-5583\" srcset=\"https:\/\/www.sainte-therese-les-cordeliers.fr\/blog-cdi-college\/wp-content\/uploads\/sites\/2\/2025\/10\/Capture-decran-2025-10-17-120445-66x66.jpg 66w, https:\/\/www.sainte-therese-les-cordeliers.fr\/blog-cdi-college\/wp-content\/uploads\/sites\/2\/2025\/10\/Capture-decran-2025-10-17-120445-150x150.jpg 150w\" sizes=\"(max-width: 150px) 100vw, 150px\" \/><\/a>\n\t\t\t<\/dt>\n\t\t\t\t<dd class='wp-caption-text gallery-caption' id='gallery-1-5583'>\n\t\t\t\tMoment de repos et de grignotage\n\t\t\t\t<\/dd><\/dl><br style=\"clear: both\" \/><dl class='gallery-item'>\n\t\t\t<dt class='gallery-icon landscape'>\n\t\t\t\t<a data-rel=\"iLightbox[postimages]\" data-title=\"Capture d\u2019\u00e9cran 2025-10-17 120352\" data-caption=\"Les tables de jeux remplissaient la salle\" href='https:\/\/www.sainte-therese-les-cordeliers.fr\/blog-cdi-college\/finale-nationale-de-bridge-scolaire-a-nantes\/capture-decran-2025-10-17-120352\/'><img decoding=\"async\" width=\"150\" height=\"150\" src=\"https:\/\/www.sainte-therese-les-cordeliers.fr\/blog-cdi-college\/wp-content\/uploads\/sites\/2\/2025\/10\/Capture-decran-2025-10-17-120352-150x150.jpg\" class=\"attachment-thumbnail size-thumbnail\" alt=\"\" aria-describedby=\"gallery-1-5584\" srcset=\"https:\/\/www.sainte-therese-les-cordeliers.fr\/blog-cdi-college\/wp-content\/uploads\/sites\/2\/2025\/10\/Capture-decran-2025-10-17-120352-66x66.jpg 66w, https:\/\/www.sainte-therese-les-cordeliers.fr\/blog-cdi-college\/wp-content\/uploads\/sites\/2\/2025\/10\/Capture-decran-2025-10-17-120352-150x150.jpg 150w\" sizes=\"(max-width: 150px) 100vw, 150px\" \/><\/a>\n\t\t\t<\/dt>\n\t\t\t\t<dd class='wp-caption-text gallery-caption' id='gallery-1-5584'>\n\t\t\t\tLes tables de jeux remplissaient la salle\n\t\t\t\t<\/dd><\/dl><dl class='gallery-item'>\n\t\t\t<dt class='gallery-icon landscape'>\n\t\t\t\t<a data-rel=\"iLightbox[postimages]\" data-title=\"photo groupe\" data-caption=\"Tous les participants regroup\u00e9s\" href='https:\/\/www.sainte-therese-les-cordeliers.fr\/blog-cdi-college\/finale-nationale-de-bridge-scolaire-a-nantes\/photo-groupe-2\/'><img decoding=\"async\" width=\"150\" height=\"150\" src=\"https:\/\/www.sainte-therese-les-cordeliers.fr\/blog-cdi-college\/wp-content\/uploads\/sites\/2\/2025\/10\/photo-groupe-1-150x150.jpg\" class=\"attachment-thumbnail size-thumbnail\" alt=\"\" aria-describedby=\"gallery-1-5595\" srcset=\"https:\/\/www.sainte-therese-les-cordeliers.fr\/blog-cdi-college\/wp-content\/uploads\/sites\/2\/2025\/10\/photo-groupe-1-66x66.jpg 66w, https:\/\/www.sainte-therese-les-cordeliers.fr\/blog-cdi-college\/wp-content\/uploads\/sites\/2\/2025\/10\/photo-groupe-1-150x150.jpg 150w\" sizes=\"(max-width: 150px) 100vw, 150px\" \/><\/a>\n\t\t\t<\/dt>\n\t\t\t\t<dd class='wp-caption-text gallery-caption' id='gallery-1-5595'>\n\t\t\t\tTous les participants regroup\u00e9s\n\t\t\t\t<\/dd><\/dl><dl class='gallery-item'>\n\t\t\t<dt class='gallery-icon landscape'>\n\t\t\t\t<a data-rel=\"iLightbox[postimages]\" data-title=\"Capture d&rsquo;\u00e9cran 2025-10-17 122215\" data-caption=\"Devant le pont Tabarly\" href='https:\/\/www.sainte-therese-les-cordeliers.fr\/blog-cdi-college\/finale-nationale-de-bridge-scolaire-a-nantes\/capture-decran-2025-10-17-122215\/'><img decoding=\"async\" width=\"150\" height=\"150\" src=\"https:\/\/www.sainte-therese-les-cordeliers.fr\/blog-cdi-college\/wp-content\/uploads\/sites\/2\/2025\/10\/Capture-decran-2025-10-17-122215-150x150.jpg\" class=\"attachment-thumbnail size-thumbnail\" alt=\"\" aria-describedby=\"gallery-1-5598\" srcset=\"https:\/\/www.sainte-therese-les-cordeliers.fr\/blog-cdi-college\/wp-content\/uploads\/sites\/2\/2025\/10\/Capture-decran-2025-10-17-122215-66x66.jpg 66w, https:\/\/www.sainte-therese-les-cordeliers.fr\/blog-cdi-college\/wp-content\/uploads\/sites\/2\/2025\/10\/Capture-decran-2025-10-17-122215-150x150.jpg 150w\" sizes=\"(max-width: 150px) 100vw, 150px\" \/><\/a>\n\t\t\t<\/dt>\n\t\t\t\t<dd class='wp-caption-text gallery-caption' id='gallery-1-5598'>\n\t\t\t\tDevant le pont Tabarly\n\t\t\t\t<\/dd><\/dl><br style=\"clear: both\" \/>\n\t\t<\/div>\n\n<p class=\"cvGsUA direction-ltr align-center para-style-body\"><span class=\"a_GcMg font-feature-liga-off font-feature-clig-off font-feature-calt-off text-decoration-none text-strikethrough-none\">La finale nationale du bridge jeunesse s\u2019est tenue \u00e0 Nantes les 7 et 8 juin 2025, rassemblant 376 jeunes joueurs venus de toute la France.<br \/>\n<\/span><span class=\"a_GcMg font-feature-liga-off font-feature-clig-off font-feature-calt-off text-decoration-none text-strikethrough-none\">Parmi eux, 17 jeunes Auvergnats, s\u00e9lectionn\u00e9s pour repr\u00e9senter fi\u00e8rement notre r\u00e9gion, ont pris part \u00e0 cet \u00e9v\u00e9nement majeur.<br \/>\n<\/span><span class=\"a_GcMg font-feature-liga-off font-feature-clig-off font-feature-calt-off text-decoration-none text-strikethrough-none\">Le d\u00e9part, tr\u00e8s matinal, a eu lieu samedi \u00e0 l\u2019aube depuis la place de Jaude \u00e0 Clermont-Ferrand. Certains ont quitt\u00e9 la Haute-Loire d\u00e8s 4 heures du matin, mais malgr\u00e9 cette heure inhabituelle, le trajet en autocar s\u2019est d\u00e9roul\u00e9 dans un calme remarquable, laissant pr\u00e9sager une concentration exemplaire lors des \u00e9preuves \u00e0 venir\u2026 ou une certaine fatigue, on ne le saura jamais !<br \/>\n<\/span><span class=\"a_GcMg font-feature-liga-off font-feature-clig-off font-feature-calt-off text-decoration-none text-strikethrough-none\">L\u2019ambiance \u00e0 bord \u00e9tait sereine et joyeuse, mais anim\u00e9e d\u2019une impatience contenue\u2026les jeunes joueurs \u00e9tant visiblement pr\u00eats \u00e0 relever le d\u00e9fi.<br \/>\n<\/span><span class=\"a_GcMg font-feature-liga-off font-feature-clig-off font-feature-calt-off text-decoration-none text-strikethrough-none\">\u00c0 l\u2019arriv\u00e9e \u00e0 Nantes, le comit\u00e9 d\u2019Anjou nous a accueillis chaleureusement \u00e0 l\u2019H\u00f4tel de R\u00e9gion. L\u2019organisation sur place a \u00e9t\u00e9 remarquable, avec une logistique bien rod\u00e9e qui a permis un d\u00e9roulement fluide des tournois et une gestion sans accroc de tous les aspects pratiques.<br \/>\n<\/span><span class=\"a_GcMg font-feature-liga-off font-feature-clig-off font-feature-calt-off text-decoration-none text-strikethrough-none\">Les jeunes ont ainsi pu se concentrer pleinement sur leur jeu.<br \/>\n<\/span><span class=\"a_GcMg font-feature-liga-off font-feature-clig-off font-feature-calt-off text-decoration-none text-strikethrough-none\">Sur deux jours, trois tournois intenses ont rythm\u00e9 la comp\u00e9tition. La qualit\u00e9 du jeu et la passion \u00e9taient palpables, chaque participant donnant le meilleur de lui-m\u00eame dans une atmosph\u00e8re \u00e0 la fois conviviale et comp\u00e9titive. Les \u00e9quipes ont fait preuve de pers\u00e9v\u00e9rance, de strat\u00e9gie et d\u2019une grande ma\u00eetrise technique, d\u00e9montrant l\u2019excellence de la formation au bridge dans les \u00e9coles et clubs\u2026 BRAVO \u00e0 nos initiateurs !<\/span><\/p>\n<p class=\"cvGsUA direction-ltr align-justify para-style-body\"><span class=\"a_GcMg font-feature-liga-off font-feature-clig-off font-feature-calt-off text-decoration-none text-strikethrough-none\">La soir\u00e9e a \u00e9t\u00e9 anim\u00e9e par un film-culte :<em> E.T l\u2019Extra-Terrestre<\/em> de Spielberg, datant de 1982 !<\/span><\/p>\n<p class=\"cvGsUA direction-ltr align-justify para-style-body\"><span class=\"a_GcMg font-feature-liga-off font-feature-clig-off font-feature-calt-off text-decoration-none text-strikethrough-none\">La nuit dans une auberge de jeunesse flambant neuve, a \u00e9t\u00e9 d\u00e9licieuse pour tous : jeunes bridgeurs et accompagnateurs : Armelle Verdier, Joseph Matjasec et votre D\u00e9l\u00e9gu\u00e9e Jeunesse :\u00a0<\/span><span class=\"a_GcMg font-feature-liga-off font-feature-clig-off font-feature-calt-off text-decoration-none text-strikethrough-none\">B\u00e9atrice Chopineau<\/span><\/p>\n<p class=\"cvGsUA direction-ltr align-justify para-style-body\"><span class=\"a_GcMg font-feature-liga-off font-feature-clig-off font-feature-calt-off text-decoration-none text-strikethrough-none\">Cette finale nationale a \u00e9t\u00e9 bien plus qu\u2019une simple comp\u00e9tition: elle a \u00e9t\u00e9 une v\u00e9ritable exp\u00e9rience humaine, riche en rencontres et en \u00e9changes. Elle a permis \u00e0 ces jeunes passionn\u00e9s de partager leur amour du bridge, de se mesurer \u00e0 leurs pairs dans un cadre stimulant, et de vivre des moments forts en \u00e9motions.<br \/>\n<\/span><span class=\"a_GcMg font-feature-liga-off font-feature-clig-off font-feature-calt-off text-decoration-none text-strikethrough-none\">Au terme de ces deux jours, chacun est reparti avec des souvenirs pr\u00e9cieux, renforc\u00e9 dans sa passion et motiv\u00e9 \u00e0 poursuivre la pratique de ce jeu d\u2019esprit. Le comit\u00e9 d\u2019Anjou, ainsi que tous les organisateurs, peuvent \u00eatre fiers d\u2019avoir contribu\u00e9 \u00e0 faire de cet \u00e9v\u00e9nement une r\u00e9ussite.<\/span><\/p>\n<p class=\"cvGsUA direction-ltr align-center para-style-body\"><span class=\"a_GcMg font-feature-liga-off font-feature-clig-off font-feature-calt-off text-decoration-none text-strikethrough-none\"><strong>Voici les r\u00e9sultats :<\/strong><br \/>\n<\/span><span class=\"a_GcMg font-feature-liga-off font-feature-clig-off font-feature-calt-off text-decoration-none text-strikethrough-none\">1\u00b0 ann\u00e9e : 60 paires<br \/>\n<\/span><span class=\"a_GcMg font-feature-liga-off font-feature-clig-off font-feature-calt-off text-decoration-none text-strikethrough-none\">Albane Gautier et Romane Neyrial 17\u00b0 avec 54.90%<br \/>\n<\/span><span class=\"a_GcMg font-feature-liga-off font-feature-clig-off font-feature-calt-off text-decoration-none text-strikethrough-none\">Gabriel Bazin et Jules Cassin 23\u00b0 avec 52.97%<br \/>\n<\/span><span class=\"a_GcMg font-feature-liga-off font-feature-clig-off font-feature-calt-off text-decoration-none text-strikethrough-none\">Amine Arab et Sacha Duclaut 29\u00b0 avec 50.97%<br \/>\n<\/span><span class=\"a_GcMg font-feature-liga-off font-feature-clig-off font-feature-calt-off text-decoration-none text-strikethrough-none\">Mae Garnier et Calem Laffont 31\u00b0 avec 49.79%<\/span><\/p>\n<p class=\"cvGsUA direction-ltr align-center para-style-body\"><span class=\"a_GcMg font-feature-liga-off font-feature-clig-off font-feature-calt-off text-decoration-none text-strikethrough-none\">2\u00b0 ann\u00e9e : 24 paires<br \/>\n<\/span><span class=\"a_GcMg font-feature-liga-off font-feature-clig-off font-feature-calt-off text-decoration-none text-strikethrough-none\">Augustin de Clavi\u00e8res et Julien Marcos 7\u00b0 avec 55.56%<br \/>\n<\/span><span class=\"a_GcMg font-feature-liga-off font-feature-clig-off font-feature-calt-off text-decoration-none text-strikethrough-none\">Hadrien Guerard et Jules Mazade 10\u00b0 avec 51.85%<\/span><\/p>\n<p class=\"cvGsUA direction-ltr align-center para-style-body\"><span class=\"a_GcMg font-feature-liga-off font-feature-clig-off font-feature-calt-off text-decoration-none text-strikethrough-none\">Cadets : 25 paires<br \/>\n<\/span><span class=\"a_GcMg font-feature-liga-off font-feature-clig-off font-feature-calt-off text-decoration-none text-strikethrough-none\">Victor Aiguebonne et Thomas Ravel 18\u00b0 avec 46.80%<br \/>\n<\/span><span class=\"a_GcMg font-feature-liga-off font-feature-clig-off font-feature-calt-off text-decoration-none text-strikethrough-none\">Roxane Choquet et Alicia Coupat 23\u00b0 avec 41.30+<\/span><\/p>\n<p class=\"cvGsUA direction-ltr align-center para-style-body\"><span class=\"a_GcMg font-feature-liga-off font-feature-clig-off font-feature-calt-off text-decoration-none text-strikethrough-none\">\u00c9quipe de France \u00c9lite<br \/>\n<\/span><span class=\"a_GcMg font-feature-liga-off font-feature-clig-off font-feature-calt-off text-decoration-none text-strikethrough-none\">Robin Farissier 8\u00b0 avec 50.90% <\/span><\/p>\n<\/div><\/div><div class=\"fusion-clearfix\"><\/div><div class=\"fusion-meta-info\"><div class=\"fusion-alignright\"><a class=\"fusion-read-more\" href=\"https:\/\/www.sainte-therese-les-cordeliers.fr\/blog-cdi-college\/finale-nationale-de-bridge-scolaire-a-nantes\/\" aria-label=\"More on Finale nationale de bridge scolaire \u00e0 Nantes.\">Lire Plus<\/a><\/div><\/div><\/article>\n<article id=\"blog-1-post-5552\" class=\"fusion-post-large-alternate post-5552 post type-post status-publish format-standard hentry category-actualites-du-college category-le-ptit-cordelier\">\n\t<style type=\"text\/css\">\n\t\t\n\t\t\n\t\t\n\t\t\n\t\t\t<\/style>\n\n\n<div class=\"fusion-date-and-formats\"><div class=\"fusion-date-box updated\"><span class=\"fusion-date\">17<\/span><span class=\"fusion-month-year\">02, 2025<\/span><\/div><div class=\"fusion-format-box\"><i class=\"awb-icon-pen\" aria-hidden=\"true\"><\/i><\/div><\/div><div class=\"fusion-post-content post-content\"><h2 class=\"blog-shortcode-post-title entry-title\"><a href=\"https:\/\/www.sainte-therese-les-cordeliers.fr\/blog-cdi-college\/le-ptit-cordelier-de-fevrier-est-paru\/\">Le P&rsquo;tit Cordelier de f\u00e9vrier est paru !<\/a><\/h2><p class=\"fusion-single-line-meta\"><span class=\"vcard\" style=\"display: none;\"><span class=\"fn\"><a href=\"https:\/\/www.sainte-therese-les-cordeliers.fr\/blog-cdi-college\/author\/documentaliste\/\" title=\"Articles par documentaliste\" rel=\"author\">documentaliste<\/a><\/span><\/span><span class=\"updated\" style=\"display:none;\">2025-02-17T10:14:04+01:00<\/span><span>lundi, 17 f\u00e9vrier, 2025<\/span><span class=\"fusion-inline-sep\">|<\/span>Cat\u00e9gories : <a href=\"https:\/\/www.sainte-therese-les-cordeliers.fr\/blog-cdi-college\/category\/actualites-du-college\/\" rel=\"category tag\">Actualit\u00e9s du coll\u00e8ge<\/a>, <a href=\"https:\/\/www.sainte-therese-les-cordeliers.fr\/blog-cdi-college\/category\/le-ptit-cordelier\/\" rel=\"category tag\">Le P'tit Cordelier<\/a><span class=\"fusion-inline-sep\">|<\/span><span class=\"fusion-comments\"><span>Commentaires ferm\u00e9s<span class=\"screen-reader-text\"> sur Le P&rsquo;tit Cordelier de f\u00e9vrier est paru !<\/span><\/span><\/span><\/p><div class=\"fusion-post-content-container\"><p><a href=\"https:\/\/www.sainte-therese-les-cordeliers.fr\/blog-cdi-college\/wp-content\/uploads\/sites\/2\/2025\/02\/Couverture-Le-Ptit-Cordelier-fevrier-2025.jpg\"><img decoding=\"async\" class=\"alignnone wp-image-5556 size-medium\" src=\"https:\/\/www.sainte-therese-les-cordeliers.fr\/blog-cdi-college\/wp-content\/uploads\/sites\/2\/2025\/02\/Couverture-Le-Ptit-Cordelier-fevrier-2025-208x300.jpg\" alt=\"\" width=\"208\" height=\"300\" srcset=\"https:\/\/www.sainte-therese-les-cordeliers.fr\/blog-cdi-college\/wp-content\/uploads\/sites\/2\/2025\/02\/Couverture-Le-Ptit-Cordelier-fevrier-2025-200x288.jpg 200w, https:\/\/www.sainte-therese-les-cordeliers.fr\/blog-cdi-college\/wp-content\/uploads\/sites\/2\/2025\/02\/Couverture-Le-Ptit-Cordelier-fevrier-2025-208x300.jpg 208w, https:\/\/www.sainte-therese-les-cordeliers.fr\/blog-cdi-college\/wp-content\/uploads\/sites\/2\/2025\/02\/Couverture-Le-Ptit-Cordelier-fevrier-2025.jpg 390w\" sizes=\"(max-width: 208px) 100vw, 208px\" \/><\/a><\/p>\n<p>Toute l&rsquo;\u00e9quipe de r\u00e9daction vous souhaite une tr\u00e8s bonne lecture. Vous retrouverez toute l&rsquo;actualit\u00e9 du coll\u00e8ge et les travaux des \u00e9l\u00e8ves. Bonne lecture \u00e0 tous.<br \/>\n<span style=\"color: #ff0000\">Cliquez sur le lien ci-dessous pour le t\u00e9l\u00e9charger au format PDF.<\/span><br \/>\n<span style=\"color: #ffff00\"><a style=\"color: #ffff00\" href=\"https:\/\/www.sainte-therese-les-cordeliers.fr\/blog-cdi-college\/wp-content\/uploads\/sites\/2\/2025\/02\/Le-ptit-Cordelier-fevrier-2025-1.pdf\"><span style=\"color: #ff0000\">Le p\u2019tit Cordelier f\u00e9vrier 2025-1<\/span><\/a><\/span><\/p>\n<\/div><\/div><div class=\"fusion-clearfix\"><\/div><div class=\"fusion-meta-info\"><div class=\"fusion-alignright\"><a class=\"fusion-read-more\" href=\"https:\/\/www.sainte-therese-les-cordeliers.fr\/blog-cdi-college\/le-ptit-cordelier-de-fevrier-est-paru\/\" aria-label=\"More on Le P&rsquo;tit Cordelier de f\u00e9vrier est paru !\">Lire Plus<\/a><\/div><\/div><\/article>\n<article id=\"blog-1-post-5546\" class=\"fusion-post-large-alternate post-5546 post type-post status-publish format-standard hentry category-non-classe\">\n\t<style type=\"text\/css\">\n\t\t\n\t\t\n\t\t\n\t\t\n\t\t\t<\/style>\n\n\n<div class=\"fusion-date-and-formats\"><div class=\"fusion-date-box updated\"><span class=\"fusion-date\">17<\/span><span class=\"fusion-month-year\">02, 2025<\/span><\/div><div class=\"fusion-format-box\"><i class=\"awb-icon-pen\" aria-hidden=\"true\"><\/i><\/div><\/div><div class=\"fusion-post-content post-content\"><h2 class=\"blog-shortcode-post-title entry-title\"><a href=\"https:\/\/www.sainte-therese-les-cordeliers.fr\/blog-cdi-college\/5546-2\/\"><\/a><\/h2><p class=\"fusion-single-line-meta\"><span class=\"vcard\" style=\"display: none;\"><span class=\"fn\"><a href=\"https:\/\/www.sainte-therese-les-cordeliers.fr\/blog-cdi-college\/author\/documentaliste\/\" title=\"Articles par documentaliste\" rel=\"author\">documentaliste<\/a><\/span><\/span><span class=\"updated\" style=\"display:none;\">2025-02-17T09:40:39+01:00<\/span><span>lundi, 17 f\u00e9vrier, 2025<\/span><span class=\"fusion-inline-sep\">|<\/span>Cat\u00e9gories : <a href=\"https:\/\/www.sainte-therese-les-cordeliers.fr\/blog-cdi-college\/category\/non-classe\/\" rel=\"category tag\">Sites internet \u00e0 d\u00e9couvrir<\/a><span class=\"fusion-inline-sep\">|<\/span><span class=\"fusion-comments\"><span>Commentaires ferm\u00e9s<span class=\"screen-reader-text\"> sur <\/span><\/span><\/span><\/p><div class=\"fusion-post-content-container\"><p class=\"yiv4800826489ydp2513c9edMsoNormal\">Une nouvelle ann\u00e9e, un nouvel \u00e9lan.<\/p>\n<p class=\"yiv4800826489ydp2513c9edMsoNormal\">Une nouvelle collecte de solidarit\u00e9 a \u00e9t\u00e9 organis\u00e9e par nos jeunes, en d\u00e9cembre \u00e0 l\u2019occasion du Christmas Jumper Day, journ\u00e9e de solidarit\u00e9 du \u00ab\u00a0Pull de No\u00ebl\u00a0\u00bb afin de collecter des fonds pour aider les enfants souffrant d\u2019un Cancer.<\/p>\n<p class=\"yiv4800826489ydp2513c9edMsoNormal\">Sensibilis\u00e9s et unis, ils se sont g\u00e9n\u00e9reusement mobilis\u00e9s et ont \u00e9t\u00e9 tr\u00e8s fiers de recevoir Sophie Combe, fondatrice de l\u2019Association \u00ab\u00a0Renan, L\u2019\u00c9toile qui sait rire\u00a0\u00bb afin de lui remettre un ch\u00e8que de 424 euros. Emus, les coll\u00e9giens ont attentivement \u00e9cout\u00e9 la maman de Renan parler de son association qui lutte chaque jour pour \u00e9veiller l\u2019opinion et apporter un grand soutien quotidien \u00e0 ces enfants atteints du cancer.<\/p>\n<p class=\"yiv4800826489ydp2513c9edMsoNormal\">Une belle rencontre pour un bel engagement\u00a0!<\/p>\n<div id=\"attachment_5550\" style=\"width: 310px\" class=\"wp-caption alignnone\"><a href=\"https:\/\/www.sainte-therese-les-cordeliers.fr\/blog-cdi-college\/wp-content\/uploads\/sites\/2\/2025\/02\/Screenshot-2025-01-17-at-14-43-29-Messagerie-EcoleDirecte.jpg\"><img decoding=\"async\" aria-describedby=\"caption-attachment-5550\" class=\"wp-image-5550 size-medium\" src=\"https:\/\/www.sainte-therese-les-cordeliers.fr\/blog-cdi-college\/wp-content\/uploads\/sites\/2\/2025\/02\/Screenshot-2025-01-17-at-14-43-29-Messagerie-EcoleDirecte-300x124.jpg\" alt=\"\" width=\"300\" height=\"124\" srcset=\"https:\/\/www.sainte-therese-les-cordeliers.fr\/blog-cdi-college\/wp-content\/uploads\/sites\/2\/2025\/02\/Screenshot-2025-01-17-at-14-43-29-Messagerie-EcoleDirecte-200x83.jpg 200w, https:\/\/www.sainte-therese-les-cordeliers.fr\/blog-cdi-college\/wp-content\/uploads\/sites\/2\/2025\/02\/Screenshot-2025-01-17-at-14-43-29-Messagerie-EcoleDirecte-300x124.jpg 300w, https:\/\/www.sainte-therese-les-cordeliers.fr\/blog-cdi-college\/wp-content\/uploads\/sites\/2\/2025\/02\/Screenshot-2025-01-17-at-14-43-29-Messagerie-EcoleDirecte-400x165.jpg 400w, https:\/\/www.sainte-therese-les-cordeliers.fr\/blog-cdi-college\/wp-content\/uploads\/sites\/2\/2025\/02\/Screenshot-2025-01-17-at-14-43-29-Messagerie-EcoleDirecte-600x248.jpg 600w, https:\/\/www.sainte-therese-les-cordeliers.fr\/blog-cdi-college\/wp-content\/uploads\/sites\/2\/2025\/02\/Screenshot-2025-01-17-at-14-43-29-Messagerie-EcoleDirecte-768x318.jpg 768w, https:\/\/www.sainte-therese-les-cordeliers.fr\/blog-cdi-college\/wp-content\/uploads\/sites\/2\/2025\/02\/Screenshot-2025-01-17-at-14-43-29-Messagerie-EcoleDirecte-800x331.jpg 800w, https:\/\/www.sainte-therese-les-cordeliers.fr\/blog-cdi-college\/wp-content\/uploads\/sites\/2\/2025\/02\/Screenshot-2025-01-17-at-14-43-29-Messagerie-EcoleDirecte.jpg 965w\" sizes=\"(max-width: 300px) 100vw, 300px\" \/><\/a><p id=\"caption-attachment-5550\" class=\"wp-caption-text\">La classe de 5e qui a gagn\u00e9 le concours des \u00e9l\u00e8ves les plus d\u00e9guis\u00e9s lors de la journ\u00e9e du Jumper Day. Cette journ\u00e9e permet de se mobiliser pour une cause et de r\u00e9colter de l&rsquo;argent pour leur venir en aide. Ce n&rsquo;est pas qu&rsquo;une occasion de se d\u00e9guiser et de s&rsquo;amuser, c&rsquo;est aussi un v\u00e9ritable engagement.<\/p><\/div>\n<div id=\"attachment_5549\" style=\"width: 310px\" class=\"wp-caption alignnone\"><a href=\"https:\/\/www.sainte-therese-les-cordeliers.fr\/blog-cdi-college\/wp-content\/uploads\/sites\/2\/2025\/02\/102_0435-1-scaled.jpg\"><img decoding=\"async\" aria-describedby=\"caption-attachment-5549\" class=\"size-medium wp-image-5549\" src=\"https:\/\/www.sainte-therese-les-cordeliers.fr\/blog-cdi-college\/wp-content\/uploads\/sites\/2\/2025\/02\/102_0435-1-300x225.jpg\" alt=\"\" width=\"300\" height=\"225\" srcset=\"https:\/\/www.sainte-therese-les-cordeliers.fr\/blog-cdi-college\/wp-content\/uploads\/sites\/2\/2025\/02\/102_0435-1-200x150.jpg 200w, https:\/\/www.sainte-therese-les-cordeliers.fr\/blog-cdi-college\/wp-content\/uploads\/sites\/2\/2025\/02\/102_0435-1-300x225.jpg 300w, https:\/\/www.sainte-therese-les-cordeliers.fr\/blog-cdi-college\/wp-content\/uploads\/sites\/2\/2025\/02\/102_0435-1-400x300.jpg 400w, https:\/\/www.sainte-therese-les-cordeliers.fr\/blog-cdi-college\/wp-content\/uploads\/sites\/2\/2025\/02\/102_0435-1-600x450.jpg 600w, https:\/\/www.sainte-therese-les-cordeliers.fr\/blog-cdi-college\/wp-content\/uploads\/sites\/2\/2025\/02\/102_0435-1-768x576.jpg 768w, https:\/\/www.sainte-therese-les-cordeliers.fr\/blog-cdi-college\/wp-content\/uploads\/sites\/2\/2025\/02\/102_0435-1-800x600.jpg 800w, https:\/\/www.sainte-therese-les-cordeliers.fr\/blog-cdi-college\/wp-content\/uploads\/sites\/2\/2025\/02\/102_0435-1-1200x900.jpg 1200w, https:\/\/www.sainte-therese-les-cordeliers.fr\/blog-cdi-college\/wp-content\/uploads\/sites\/2\/2025\/02\/102_0435-1-1536x1152.jpg 1536w\" sizes=\"(max-width: 300px) 100vw, 300px\" \/><\/a><p id=\"caption-attachment-5549\" class=\"wp-caption-text\">Tous les \u00e9l\u00e8ves se sont r\u00e9unis dans la cour pour la remise du ch\u00e8que \u00e0 l&rsquo;Association Renan, l&rsquo;\u00e9toile qui sait rire.<\/p><\/div>\n<\/div><\/div><div class=\"fusion-clearfix\"><\/div><div class=\"fusion-meta-info\"><div class=\"fusion-alignright\"><a class=\"fusion-read-more\" href=\"https:\/\/www.sainte-therese-les-cordeliers.fr\/blog-cdi-college\/5546-2\/\" aria-label=\"More on \">Lire Plus<\/a><\/div><\/div><\/article>\n<article id=\"blog-1-post-5541\" class=\"fusion-post-large-alternate post-5541 post type-post status-publish format-standard hentry category-actualites-du-college\">\n\t<style type=\"text\/css\">\n\t\t\n\t\t\n\t\t\n\t\t\n\t\t\t<\/style>\n\n\n<div class=\"fusion-date-and-formats\"><div class=\"fusion-date-box updated\"><span class=\"fusion-date\">17<\/span><span class=\"fusion-month-year\">02, 2025<\/span><\/div><div class=\"fusion-format-box\"><i class=\"awb-icon-pen\" aria-hidden=\"true\"><\/i><\/div><\/div><div class=\"fusion-post-content post-content\"><h2 class=\"blog-shortcode-post-title entry-title\"><a href=\"https:\/\/www.sainte-therese-les-cordeliers.fr\/blog-cdi-college\/parcours-avenir-en-4e\/\">parcours avenir en 4e<\/a><\/h2><p class=\"fusion-single-line-meta\"><span class=\"vcard\" style=\"display: none;\"><span class=\"fn\"><a href=\"https:\/\/www.sainte-therese-les-cordeliers.fr\/blog-cdi-college\/author\/documentaliste\/\" title=\"Articles par documentaliste\" rel=\"author\">documentaliste<\/a><\/span><\/span><span class=\"updated\" style=\"display:none;\">2025-02-17T09:30:45+01:00<\/span><span>lundi, 17 f\u00e9vrier, 2025<\/span><span class=\"fusion-inline-sep\">|<\/span>Cat\u00e9gories : <a href=\"https:\/\/www.sainte-therese-les-cordeliers.fr\/blog-cdi-college\/category\/actualites-du-college\/\" rel=\"category tag\">Actualit\u00e9s du coll\u00e8ge<\/a><span class=\"fusion-inline-sep\">|<\/span><span class=\"fusion-comments\"><span>Commentaires ferm\u00e9s<span class=\"screen-reader-text\"> sur parcours avenir en 4e<\/span><\/span><\/span><\/p><div class=\"fusion-post-content-container\"><p>Lundi 10 f\u00e9vrier, dans le cadre de \u00ab l\u2019ASM va \u00e0 l\u2019\u00e9cole \u00bb, 3 joueurs de l\u2019ASM Rugby ont rencontr\u00e9 les \u00e9l\u00e8ves de 4\u00e8me. Les \u00e9l\u00e8ves, avec leurs enseignants avaient pr\u00e9par\u00e9 cet \u00e9change, qui s\u2019est av\u00e9r\u00e9 riche et pourra alimenter leurs parcours avenir. Piero GRITTI, Lucas DESSAIGNE et L\u00e9on DARRICARERE se sont pr\u00eat\u00e9s au jeu des questions-r\u00e9ponses avec le sourire et en concluant sur l\u2019importance du travail et de croire en soi quels que soient les \u00e9checs.<\/p>\n\n\t\t<style type=\"text\/css\">\n\t\t\t#gallery-2 {\n\t\t\t\tmargin: auto;\n\t\t\t}\n\t\t\t#gallery-2 .gallery-item {\n\t\t\t\tfloat: left;\n\t\t\t\tmargin-top: 10px;\n\t\t\t\ttext-align: center;\n\t\t\t\twidth: 33%;\n\t\t\t}\n\t\t\t#gallery-2 img {\n\t\t\t\tborder: 2px solid #cfcfcf;\n\t\t\t}\n\t\t\t#gallery-2 .gallery-caption {\n\t\t\t\tmargin-left: 0;\n\t\t\t}\n\t\t\t\/* see gallery_shortcode() in wp-includes\/media.php *\/\n\t\t<\/style>\n\t\t<div id='gallery-2' class='gallery galleryid-5541 gallery-columns-3 gallery-size-thumbnail'><dl class='gallery-item'>\n\t\t\t<dt class='gallery-icon landscape'>\n\t\t\t\t<a data-rel=\"iLightbox[postimages]\" data-title=\"20250210_085238\" data-caption=\"Les trois joueurs de l&#039;ASM se sont pr\u00eat\u00e9s au jeu des questions-r\u00e9ponses.\" href='https:\/\/www.sainte-therese-les-cordeliers.fr\/blog-cdi-college\/parcours-avenir-en-4e\/20250210_085238\/'><img decoding=\"async\" width=\"150\" height=\"150\" src=\"https:\/\/www.sainte-therese-les-cordeliers.fr\/blog-cdi-college\/wp-content\/uploads\/sites\/2\/2025\/02\/20250210_085238-150x150.jpg\" class=\"attachment-thumbnail size-thumbnail\" alt=\"\" aria-describedby=\"gallery-2-5542\" srcset=\"https:\/\/www.sainte-therese-les-cordeliers.fr\/blog-cdi-college\/wp-content\/uploads\/sites\/2\/2025\/02\/20250210_085238-66x66.jpg 66w, https:\/\/www.sainte-therese-les-cordeliers.fr\/blog-cdi-college\/wp-content\/uploads\/sites\/2\/2025\/02\/20250210_085238-150x150.jpg 150w\" sizes=\"(max-width: 150px) 100vw, 150px\" \/><\/a>\n\t\t\t<\/dt>\n\t\t\t\t<dd class='wp-caption-text gallery-caption' id='gallery-2-5542'>\n\t\t\t\tLes trois joueurs de l&rsquo;ASM se sont pr\u00eat\u00e9s au jeu des questions-r\u00e9ponses.\n\t\t\t\t<\/dd><\/dl><dl class='gallery-item'>\n\t\t\t<dt class='gallery-icon landscape'>\n\t\t\t\t<a data-rel=\"iLightbox[postimages]\" data-title=\"20250210_092607\" data-caption=\"Tous les \u00e9l\u00e8ves de 4e \u00e9taient heureux de participer \u00e0 cette rencontre et avaient beaucoup de questions \u00e0 poser.\" href='https:\/\/www.sainte-therese-les-cordeliers.fr\/blog-cdi-college\/parcours-avenir-en-4e\/20250210_092607\/'><img decoding=\"async\" width=\"150\" height=\"150\" src=\"https:\/\/www.sainte-therese-les-cordeliers.fr\/blog-cdi-college\/wp-content\/uploads\/sites\/2\/2025\/02\/20250210_092607-150x150.jpg\" class=\"attachment-thumbnail size-thumbnail\" alt=\"\" aria-describedby=\"gallery-2-5543\" srcset=\"https:\/\/www.sainte-therese-les-cordeliers.fr\/blog-cdi-college\/wp-content\/uploads\/sites\/2\/2025\/02\/20250210_092607-66x66.jpg 66w, https:\/\/www.sainte-therese-les-cordeliers.fr\/blog-cdi-college\/wp-content\/uploads\/sites\/2\/2025\/02\/20250210_092607-150x150.jpg 150w\" sizes=\"(max-width: 150px) 100vw, 150px\" \/><\/a>\n\t\t\t<\/dt>\n\t\t\t\t<dd class='wp-caption-text gallery-caption' id='gallery-2-5543'>\n\t\t\t\tTous les \u00e9l\u00e8ves de 4e \u00e9taient heureux de participer \u00e0 cette rencontre et avaient beaucoup de questions \u00e0 poser.\n\t\t\t\t<\/dd><\/dl>\n\t\t\t<br style='clear: both' \/>\n\t\t<\/div>\n\n<\/div><\/div><div class=\"fusion-clearfix\"><\/div><div class=\"fusion-meta-info\"><div class=\"fusion-alignright\"><a class=\"fusion-read-more\" href=\"https:\/\/www.sainte-therese-les-cordeliers.fr\/blog-cdi-college\/parcours-avenir-en-4e\/\" aria-label=\"More on parcours avenir en 4e\">Lire Plus<\/a><\/div><\/div><\/article>\n<article id=\"blog-1-post-5535\" class=\"fusion-post-large-alternate post-5535 post type-post status-publish format-standard hentry category-actualites-du-college category-anglais\">\n\t<style type=\"text\/css\">\n\t\t\n\t\t\n\t\t\n\t\t\n\t\t\t<\/style>\n\n\n<div class=\"fusion-date-and-formats\"><div class=\"fusion-date-box updated\"><span class=\"fusion-date\">17<\/span><span class=\"fusion-month-year\">01, 2025<\/span><\/div><div class=\"fusion-format-box\"><i class=\"awb-icon-pen\" aria-hidden=\"true\"><\/i><\/div><\/div><div class=\"fusion-post-content post-content\"><h2 class=\"blog-shortcode-post-title entry-title\"><a href=\"https:\/\/www.sainte-therese-les-cordeliers.fr\/blog-cdi-college\/jumper-day-concours-de-la-classe-la-mieux-deguisee\/\">Jumper Day concours de la classe la mieux d\u00e9guis\u00e9e<\/a><\/h2><p class=\"fusion-single-line-meta\"><span class=\"vcard\" style=\"display: none;\"><span class=\"fn\"><a href=\"https:\/\/www.sainte-therese-les-cordeliers.fr\/blog-cdi-college\/author\/documentaliste\/\" title=\"Articles par documentaliste\" rel=\"author\">documentaliste<\/a><\/span><\/span><span class=\"updated\" style=\"display:none;\">2025-01-17T15:08:52+01:00<\/span><span>vendredi, 17 janvier, 2025<\/span><span class=\"fusion-inline-sep\">|<\/span>Cat\u00e9gories : <a href=\"https:\/\/www.sainte-therese-les-cordeliers.fr\/blog-cdi-college\/category\/actualites-du-college\/\" rel=\"category tag\">Actualit\u00e9s du coll\u00e8ge<\/a>, <a href=\"https:\/\/www.sainte-therese-les-cordeliers.fr\/blog-cdi-college\/category\/anglais\/\" rel=\"category tag\">Anglais<\/a><span class=\"fusion-inline-sep\">|<\/span><span class=\"fusion-comments\"><span>Commentaires ferm\u00e9s<span class=\"screen-reader-text\"> sur Jumper Day concours de la classe la mieux d\u00e9guis\u00e9e<\/span><\/span><\/span><\/p><div class=\"fusion-post-content-container\"><p style=\"text-align: center\">Le 20 d\u00e9cembre, lors du Jumper Day, Mme Szabo avait lanc\u00e9 le concours de la classe la mieux d\u00e9guis\u00e9e du coll\u00e8ge. C&rsquo;est la 5e B qui a d\u00e9croch\u00e9 ce prix ! Bravo \u00e0 eux !<\/p>\n<p><a href=\"https:\/\/www.sainte-therese-les-cordeliers.fr\/blog-cdi-college\/wp-content\/uploads\/sites\/2\/2025\/01\/472429940_925086663043060_7277385941021392746_n.jpg\"><img decoding=\"async\" class=\"size-medium wp-image-5537 aligncenter\" src=\"https:\/\/www.sainte-therese-les-cordeliers.fr\/blog-cdi-college\/wp-content\/uploads\/sites\/2\/2025\/01\/472429940_925086663043060_7277385941021392746_n-300x90.jpg\" alt=\"\" width=\"300\" height=\"90\" srcset=\"https:\/\/www.sainte-therese-les-cordeliers.fr\/blog-cdi-college\/wp-content\/uploads\/sites\/2\/2025\/01\/472429940_925086663043060_7277385941021392746_n-200x60.jpg 200w, https:\/\/www.sainte-therese-les-cordeliers.fr\/blog-cdi-college\/wp-content\/uploads\/sites\/2\/2025\/01\/472429940_925086663043060_7277385941021392746_n-300x90.jpg 300w, https:\/\/www.sainte-therese-les-cordeliers.fr\/blog-cdi-college\/wp-content\/uploads\/sites\/2\/2025\/01\/472429940_925086663043060_7277385941021392746_n-400x120.jpg 400w, https:\/\/www.sainte-therese-les-cordeliers.fr\/blog-cdi-college\/wp-content\/uploads\/sites\/2\/2025\/01\/472429940_925086663043060_7277385941021392746_n-600x180.jpg 600w, https:\/\/www.sainte-therese-les-cordeliers.fr\/blog-cdi-college\/wp-content\/uploads\/sites\/2\/2025\/01\/472429940_925086663043060_7277385941021392746_n-768x230.jpg 768w, https:\/\/www.sainte-therese-les-cordeliers.fr\/blog-cdi-college\/wp-content\/uploads\/sites\/2\/2025\/01\/472429940_925086663043060_7277385941021392746_n-800x240.jpg 800w, https:\/\/www.sainte-therese-les-cordeliers.fr\/blog-cdi-college\/wp-content\/uploads\/sites\/2\/2025\/01\/472429940_925086663043060_7277385941021392746_n.jpg 960w\" sizes=\"(max-width: 300px) 100vw, 300px\" \/><\/a><a href=\"https:\/\/www.sainte-therese-les-cordeliers.fr\/blog-cdi-college\/wp-content\/uploads\/sites\/2\/2025\/01\/Screenshot-2025-01-17-at-14-43-29-Messagerie-EcoleDirecte.jpg\"><img decoding=\"async\" class=\"alignnone size-medium wp-image-5536 aligncenter\" src=\"https:\/\/www.sainte-therese-les-cordeliers.fr\/blog-cdi-college\/wp-content\/uploads\/sites\/2\/2025\/01\/Screenshot-2025-01-17-at-14-43-29-Messagerie-EcoleDirecte-300x124.jpg\" alt=\"\" width=\"300\" height=\"124\" srcset=\"https:\/\/www.sainte-therese-les-cordeliers.fr\/blog-cdi-college\/wp-content\/uploads\/sites\/2\/2025\/01\/Screenshot-2025-01-17-at-14-43-29-Messagerie-EcoleDirecte-200x83.jpg 200w, https:\/\/www.sainte-therese-les-cordeliers.fr\/blog-cdi-college\/wp-content\/uploads\/sites\/2\/2025\/01\/Screenshot-2025-01-17-at-14-43-29-Messagerie-EcoleDirecte-300x124.jpg 300w, https:\/\/www.sainte-therese-les-cordeliers.fr\/blog-cdi-college\/wp-content\/uploads\/sites\/2\/2025\/01\/Screenshot-2025-01-17-at-14-43-29-Messagerie-EcoleDirecte-400x165.jpg 400w, https:\/\/www.sainte-therese-les-cordeliers.fr\/blog-cdi-college\/wp-content\/uploads\/sites\/2\/2025\/01\/Screenshot-2025-01-17-at-14-43-29-Messagerie-EcoleDirecte-600x248.jpg 600w, https:\/\/www.sainte-therese-les-cordeliers.fr\/blog-cdi-college\/wp-content\/uploads\/sites\/2\/2025\/01\/Screenshot-2025-01-17-at-14-43-29-Messagerie-EcoleDirecte-768x318.jpg 768w, https:\/\/www.sainte-therese-les-cordeliers.fr\/blog-cdi-college\/wp-content\/uploads\/sites\/2\/2025\/01\/Screenshot-2025-01-17-at-14-43-29-Messagerie-EcoleDirecte-800x331.jpg 800w, https:\/\/www.sainte-therese-les-cordeliers.fr\/blog-cdi-college\/wp-content\/uploads\/sites\/2\/2025\/01\/Screenshot-2025-01-17-at-14-43-29-Messagerie-EcoleDirecte.jpg 965w\" sizes=\"(max-width: 300px) 100vw, 300px\" \/><\/a><\/p>\n<\/div><\/div><div class=\"fusion-clearfix\"><\/div><div class=\"fusion-meta-info\"><div class=\"fusion-alignright\"><a class=\"fusion-read-more\" href=\"https:\/\/www.sainte-therese-les-cordeliers.fr\/blog-cdi-college\/jumper-day-concours-de-la-classe-la-mieux-deguisee\/\" aria-label=\"More on Jumper Day concours de la classe la mieux d\u00e9guis\u00e9e\">Lire Plus<\/a><\/div><\/div><\/article>\n<article id=\"blog-1-post-5528\" class=\"fusion-post-large-alternate post-5528 post type-post status-publish format-standard hentry category-non-classe\">\n\t<style type=\"text\/css\">\n\t\t\n\t\t\n\t\t\n\t\t\n\t\t\t<\/style>\n\n\n<div class=\"fusion-date-and-formats\"><div class=\"fusion-date-box updated\"><span class=\"fusion-date\">17<\/span><span class=\"fusion-month-year\">01, 2025<\/span><\/div><div class=\"fusion-format-box\"><i class=\"awb-icon-pen\" aria-hidden=\"true\"><\/i><\/div><\/div><div class=\"fusion-post-content post-content\"><h2 class=\"blog-shortcode-post-title entry-title\"><a href=\"https:\/\/www.sainte-therese-les-cordeliers.fr\/blog-cdi-college\/jumper-day-2\/\">Jumper Day<\/a><\/h2><p class=\"fusion-single-line-meta\"><span class=\"vcard\" style=\"display: none;\"><span class=\"fn\"><a href=\"https:\/\/www.sainte-therese-les-cordeliers.fr\/blog-cdi-college\/author\/documentaliste\/\" title=\"Articles par documentaliste\" rel=\"author\">documentaliste<\/a><\/span><\/span><span class=\"updated\" style=\"display:none;\">2025-01-17T14:35:02+01:00<\/span><span>vendredi, 17 janvier, 2025<\/span><span class=\"fusion-inline-sep\">|<\/span>Cat\u00e9gories : <a href=\"https:\/\/www.sainte-therese-les-cordeliers.fr\/blog-cdi-college\/category\/non-classe\/\" rel=\"category tag\">Sites internet \u00e0 d\u00e9couvrir<\/a><span class=\"fusion-inline-sep\">|<\/span><span class=\"fusion-comments\"><span>Commentaires ferm\u00e9s<span class=\"screen-reader-text\"> sur Jumper Day<\/span><\/span><\/span><\/p><div class=\"fusion-post-content-container\">\n\t\t<style type=\"text\/css\">\n\t\t\t#gallery-3 {\n\t\t\t\tmargin: auto;\n\t\t\t}\n\t\t\t#gallery-3 .gallery-item {\n\t\t\t\tfloat: left;\n\t\t\t\tmargin-top: 10px;\n\t\t\t\ttext-align: center;\n\t\t\t\twidth: 33%;\n\t\t\t}\n\t\t\t#gallery-3 img {\n\t\t\t\tborder: 2px solid #cfcfcf;\n\t\t\t}\n\t\t\t#gallery-3 .gallery-caption {\n\t\t\t\tmargin-left: 0;\n\t\t\t}\n\t\t\t\/* see gallery_shortcode() in wp-includes\/media.php *\/\n\t\t<\/style>\n\t\t<div id='gallery-3' class='gallery galleryid-5528 gallery-columns-3 gallery-size-thumbnail'><dl class='gallery-item'>\n\t\t\t<dt class='gallery-icon landscape'>\n\t\t\t\t<a data-rel=\"iLightbox[postimages]\" data-title=\"KODAK Digital Still Camera\" data-caption=\"La remise de ch\u00e8que dans la cour du coll\u00e8ge.\" href='https:\/\/www.sainte-therese-les-cordeliers.fr\/blog-cdi-college\/jumper-day-2\/kodak-digital-still-camera\/'><img decoding=\"async\" width=\"150\" height=\"150\" src=\"https:\/\/www.sainte-therese-les-cordeliers.fr\/blog-cdi-college\/wp-content\/uploads\/sites\/2\/2025\/01\/zoom-rires-cheque-150x150.jpg\" class=\"attachment-thumbnail size-thumbnail\" alt=\"\" aria-describedby=\"gallery-3-5529\" srcset=\"https:\/\/www.sainte-therese-les-cordeliers.fr\/blog-cdi-college\/wp-content\/uploads\/sites\/2\/2025\/01\/zoom-rires-cheque-66x66.jpg 66w, https:\/\/www.sainte-therese-les-cordeliers.fr\/blog-cdi-college\/wp-content\/uploads\/sites\/2\/2025\/01\/zoom-rires-cheque-150x150.jpg 150w\" sizes=\"(max-width: 150px) 100vw, 150px\" \/><\/a>\n\t\t\t<\/dt>\n\t\t\t\t<dd class='wp-caption-text gallery-caption' id='gallery-3-5529'>\n\t\t\t\tLa remise de ch\u00e8que dans la cour du coll\u00e8ge.\n\t\t\t\t<\/dd><\/dl><dl class='gallery-item'>\n\t\t\t<dt class='gallery-icon landscape'>\n\t\t\t\t<a data-rel=\"iLightbox[postimages]\" data-title=\"KODAK Digital Still Camera\" data-caption=\"La joie des \u00e9l\u00e8ves \u00e9tait \u00e9vidente.\" href='https:\/\/www.sainte-therese-les-cordeliers.fr\/blog-cdi-college\/jumper-day-2\/kodak-digital-still-camera-2\/'><img decoding=\"async\" width=\"150\" height=\"150\" src=\"https:\/\/www.sainte-therese-les-cordeliers.fr\/blog-cdi-college\/wp-content\/uploads\/sites\/2\/2025\/01\/plan-large-de-tous-les-collegiens-150x150.jpg\" class=\"attachment-thumbnail size-thumbnail\" alt=\"\" aria-describedby=\"gallery-3-5530\" srcset=\"https:\/\/www.sainte-therese-les-cordeliers.fr\/blog-cdi-college\/wp-content\/uploads\/sites\/2\/2025\/01\/plan-large-de-tous-les-collegiens-66x66.jpg 66w, https:\/\/www.sainte-therese-les-cordeliers.fr\/blog-cdi-college\/wp-content\/uploads\/sites\/2\/2025\/01\/plan-large-de-tous-les-collegiens-150x150.jpg 150w\" sizes=\"(max-width: 150px) 100vw, 150px\" \/><\/a>\n\t\t\t<\/dt>\n\t\t\t\t<dd class='wp-caption-text gallery-caption' id='gallery-3-5530'>\n\t\t\t\tLa joie des \u00e9l\u00e8ves \u00e9tait \u00e9vidente.\n\t\t\t\t<\/dd><\/dl><dl class='gallery-item'>\n\t\t\t<dt class='gallery-icon landscape'>\n\t\t\t\t<a data-rel=\"iLightbox[postimages]\" data-title=\"zoom cheque\" data-caption=\"La lutte contre les cancers des enfants touche nos \u00e9l\u00e8ves.\" href='https:\/\/www.sainte-therese-les-cordeliers.fr\/blog-cdi-college\/jumper-day-2\/zoom-cheque\/'><img decoding=\"async\" width=\"150\" height=\"150\" src=\"https:\/\/www.sainte-therese-les-cordeliers.fr\/blog-cdi-college\/wp-content\/uploads\/sites\/2\/2025\/01\/zoom-cheque-150x150.jpg\" class=\"attachment-thumbnail size-thumbnail\" alt=\"\" aria-describedby=\"gallery-3-5531\" srcset=\"https:\/\/www.sainte-therese-les-cordeliers.fr\/blog-cdi-college\/wp-content\/uploads\/sites\/2\/2025\/01\/zoom-cheque-66x66.jpg 66w, https:\/\/www.sainte-therese-les-cordeliers.fr\/blog-cdi-college\/wp-content\/uploads\/sites\/2\/2025\/01\/zoom-cheque-150x150.jpg 150w\" sizes=\"(max-width: 150px) 100vw, 150px\" \/><\/a>\n\t\t\t<\/dt>\n\t\t\t\t<dd class='wp-caption-text gallery-caption' id='gallery-3-5531'>\n\t\t\t\tLa lutte contre les cancers des enfants touche nos \u00e9l\u00e8ves.\n\t\t\t\t<\/dd><\/dl><br style=\"clear: both\" \/>\n\t\t<\/div>\n\n<p>L&rsquo;op\u00e9ration Jumper Day lanc\u00e9 par Mme Szabo, enseignante d&rsquo;anglais, a \u00e9t\u00e9 une belle r\u00e9ussite. Traditionnellement, en Angleterre, on porte un pull de No\u00ebl, color\u00e9 et d\u00e9cor\u00e9, et on fait un don \u00e0 une association. Celle qui a \u00e9t\u00e9 choisie cette ann\u00e9e est\u00a0 \u00ab\u00a0Renan, l&rsquo;\u00e9toile qui sait rire\u00a0\u00bb qui a pour mission de sensibiliser l &lsquo;opinion et les pouvoirs publics sur les cancers p\u00e9diatriques (des enfants).<\/p>\n<p>&nbsp;<\/p>\n<\/div><\/div><div class=\"fusion-clearfix\"><\/div><div class=\"fusion-meta-info\"><div class=\"fusion-alignright\"><a class=\"fusion-read-more\" href=\"https:\/\/www.sainte-therese-les-cordeliers.fr\/blog-cdi-college\/jumper-day-2\/\" aria-label=\"More on Jumper Day\">Lire Plus<\/a><\/div><\/div><\/article>\n<\/div><div class=\"pagination clearfix\"><span class=\"current\">1<\/span><a href=\"https:\/\/www.sainte-therese-les-cordeliers.fr\/blog-cdi-college\/wp-json\/wp\/v2\/pages\/4049\/page\/2\/\" class=\"inactive\">2<\/a><a class=\"pagination-next\" rel=\"next\" href=\"https:\/\/www.sainte-therese-les-cordeliers.fr\/blog-cdi-college\/wp-json\/wp\/v2\/pages\/4049\/page\/2\/\"><span class=\"page-text\">Suivant<\/span><span class=\"page-next\"><\/span><\/a><\/div><div class=\"fusion-clearfix\"><\/div><\/div><div class=\"fusion-clearfix\"><\/div><\/div><\/div><\/div><\/div>\n","protected":false},"excerpt":{"rendered":"","protected":false},"author":5,"featured_media":0,"parent":0,"menu_order":0,"comment_status":"closed","ping_status":"closed","template":"","meta":{"om_disable_all_campaigns":false,"footnotes":""},"class_list":["post-4049","page","type-page","status-publish","hentry"],"aioseo_notices":[],"_links":{"self":[{"href":"https:\/\/www.sainte-therese-les-cordeliers.fr\/blog-cdi-college\/wp-json\/wp\/v2\/pages\/4049","targetHints":{"allow":["GET"]}}],"collection":[{"href":"https:\/\/www.sainte-therese-les-cordeliers.fr\/blog-cdi-college\/wp-json\/wp\/v2\/pages"}],"about":[{"href":"https:\/\/www.sainte-therese-les-cordeliers.fr\/blog-cdi-college\/wp-json\/wp\/v2\/types\/page"}],"author":[{"embeddable":true,"href":"https:\/\/www.sainte-therese-les-cordeliers.fr\/blog-cdi-college\/wp-json\/wp\/v2\/users\/5"}],"replies":[{"embeddable":true,"href":"https:\/\/www.sainte-therese-les-cordeliers.fr\/blog-cdi-college\/wp-json\/wp\/v2\/comments?post=4049"}],"version-history":[{"count":1,"href":"https:\/\/www.sainte-therese-les-cordeliers.fr\/blog-cdi-college\/wp-json\/wp\/v2\/pages\/4049\/revisions"}],"predecessor-version":[{"id":4401,"href":"https:\/\/www.sainte-therese-les-cordeliers.fr\/blog-cdi-college\/wp-json\/wp\/v2\/pages\/4049\/revisions\/4401"}],"wp:attachment":[{"href":"https:\/\/www.sainte-therese-les-cordeliers.fr\/blog-cdi-college\/wp-json\/wp\/v2\/media?parent=4049"}],"curies":[{"name":"wp","href":"https:\/\/api.w.org\/{rel}","templated":true}]}}